{"id":1474,"date":"2022-10-26T14:03:44","date_gmt":"2022-10-26T12:03:44","guid":{"rendered":"https:\/\/bluecirclecapital.ch\/associes\/chiaretto-calo\/"},"modified":"2023-01-10T10:48:20","modified_gmt":"2023-01-10T09:48:20","slug":"chiaretto-calo","status":"publish","type":"page","link":"https:\/\/bluecirclecapital.ch\/fr\/lequipe\/chiaretto-calo\/","title":{"rendered":"Chiaretto Cal\u00f2"},"content":{"rendered":"<p>[et_pb_section fb_built=\u00a0\u00bb1&Prime; _builder_version=\u00a0\u00bb4.18.0&Prime; _module_preset=\u00a0\u00bbdefault\u00a0\u00bb background_enable_color=\u00a0\u00bboff\u00a0\u00bb background_image=\u00a0\u00bbhttps:\/\/bluecirclecapital.ch\/wp-content\/uploads\/2022\/10\/imgApertura_bg.png\u00a0\u00bb background_position=\u00a0\u00bbtop_left\u00a0\u00bb z_index=\u00a0\u00bb15&Prime; custom_margin=\u00a0\u00bb0px||||false|false\u00a0\u00bb custom_padding=\u00a0\u00bb30px||0px||false|false\u00a0\u00bb global_colors_info=\u00a0\u00bb{}\u00a0\u00bb][et_pb_row column_structure=\u00a0\u00bb3_5,2_5&Prime; use_custom_gutter=\u00a0\u00bbon\u00a0\u00bb gutter_width=\u00a0\u00bb1&Prime; custom_padding_last_edited=\u00a0\u00bbon|tablet\u00a0\u00bb module_id=\u00a0\u00bbchiarettoCal\u00f2\u00a0\u00bb _builder_version=\u00a0\u00bb4.18.1&Prime; _module_preset=\u00a0\u00bbdefault\u00a0\u00bb custom_margin=\u00a0\u00bb4px|auto||auto||\u00a0\u00bb custom_padding=\u00a0\u00bb2px|||||\u00a0\u00bb custom_padding_tablet=\u00a0\u00bb2px||0px||false|false\u00a0\u00bb custom_padding_phone=\u00a0\u00bb2px||0px||false|false\u00a0\u00bb global_colors_info=\u00a0\u00bb{}\u00a0\u00bb][et_pb_column type=\u00a0\u00bb3_5&Prime; _builder_version=\u00a0\u00bb4.18.0&Prime; _module_preset=\u00a0\u00bbdefault\u00a0\u00bb background_enable_color=\u00a0\u00bboff\u00a0\u00bb global_colors_info=\u00a0\u00bb{}\u00a0\u00bb][et_pb_text admin_label=\u00a0\u00bbTitolo H1 introduzione sito\u00a0\u00bb _builder_version=\u00a0\u00bb4.18.1&Prime; header_5_text_align=\u00a0\u00bbright\u00a0\u00bb header_5_text_color=\u00a0\u00bb#2776CC\u00a0\u00bb text_orientation=\u00a0\u00bbright\u00a0\u00bb module_alignment=\u00a0\u00bbright\u00a0\u00bb custom_margin=\u00a0\u00bb||||false|false\u00a0\u00bb custom_margin_tablet=\u00a0\u00bb||||false|false\u00a0\u00bb custom_margin_phone=\u00a0\u00bb||40px||false|false\u00a0\u00bb custom_margin_last_edited=\u00a0\u00bbon|phone\u00a0\u00bb custom_padding=\u00a0\u00bb||||false|false\u00a0\u00bb animation_style=\u00a0\u00bbslide\u00a0\u00bb animation_direction=\u00a0\u00bbbottom\u00a0\u00bb animation_delay=\u00a0\u00bb500ms\u00a0\u00bb animation_intensity_slide=\u00a0\u00bb5%\u00a0\u00bb locked=\u00a0\u00bboff\u00a0\u00bb global_colors_info=\u00a0\u00bb{}\u00a0\u00bb]<\/p>\n<h2>Chiaretto Cal\u00f2<\/h2>\n<p><span style=\"color: #2776cc; font-size: 16px; font-weight: bold;\">Associ\u00e9 fondateur <\/span><\/p>\n<p>[\/et_pb_text][\/et_pb_column][et_pb_column type=\u00a0\u00bb2_5&Prime; _builder_version=\u00a0\u00bb4.18.0&Prime; _module_preset=\u00a0\u00bbdefault\u00a0\u00bb background_enable_color=\u00a0\u00bboff\u00a0\u00bb custom_padding=\u00a0\u00bb30px|10vw||22vw|false|false\u00a0\u00bb global_colors_info=\u00a0\u00bb{}\u00a0\u00bb][\/et_pb_column][\/et_pb_row][\/et_pb_section][et_pb_section fb_built=\u00a0\u00bb1&Prime; _builder_version=\u00a0\u00bb4.18.0&Prime; _module_preset=\u00a0\u00bbdefault\u00a0\u00bb background_enable_image=\u00a0\u00bboff\u00a0\u00bb z_index=\u00a0\u00bb15&Prime; custom_margin=\u00a0\u00bb0px||||false|false\u00a0\u00bb custom_padding=\u00a0\u00bb0px||0px||false|false\u00a0\u00bb global_colors_info=\u00a0\u00bb{}\u00a0\u00bb][et_pb_row column_structure=\u00a0\u00bb1_2,1_2&Prime; use_custom_gutter=\u00a0\u00bbon\u00a0\u00bb gutter_width=\u00a0\u00bb1&Prime; custom_padding_last_edited=\u00a0\u00bbon|tablet\u00a0\u00bb admin_label=\u00a0\u00bbRiga\u00a0\u00bb _builder_version=\u00a0\u00bb4.18.1&Prime; _module_preset=\u00a0\u00bbdefault\u00a0\u00bb background_enable_image=\u00a0\u00bboff\u00a0\u00bb background_size=\u00a0\u00bbcontain\u00a0\u00bb background_position=\u00a0\u00bbtop_right\u00a0\u00bb width=\u00a0\u00bb100%\u00a0\u00bb module_alignment=\u00a0\u00bbcenter\u00a0\u00bb custom_padding=\u00a0\u00bb||40px||false|false\u00a0\u00bb custom_padding_tablet=\u00a0\u00bb0px||20px||false|false\u00a0\u00bb custom_padding_phone=\u00a0\u00bb0px||20px||false|false\u00a0\u00bb background_last_edited=\u00a0\u00bbon|desktop\u00a0\u00bb global_colors_info=\u00a0\u00bb{}\u00a0\u00bb][et_pb_column type=\u00a0\u00bb1_2&Prime; _builder_version=\u00a0\u00bb4.18.1&Prime; _module_preset=\u00a0\u00bbdefault\u00a0\u00bb custom_padding=\u00a0\u00bb40px|30px|40px|110px|false|false\u00a0\u00bb custom_padding_tablet=\u00a0\u00bb40px|30px|40px|110px|false|false\u00a0\u00bb custom_padding_phone=\u00a0\u00bb0px|30px|0px|30px|false|false\u00a0\u00bb custom_padding_last_edited=\u00a0\u00bbon|phone\u00a0\u00bb global_colors_info=\u00a0\u00bb{}\u00a0\u00bb][et_pb_text admin_label=\u00a0\u00bbTitolo H1 introduzione sito\u00a0\u00bb _builder_version=\u00a0\u00bb4.19.0&Prime; text_font_size=\u00a0\u00bb18px\u00a0\u00bb animation_style=\u00a0\u00bbfade\u00a0\u00bb animation_direction=\u00a0\u00bbtop\u00a0\u00bb animation_delay=\u00a0\u00bb300ms\u00a0\u00bb locked=\u00a0\u00bboff\u00a0\u00bb global_colors_info=\u00a0\u00bb{}\u00a0\u00bb]<\/p>\n<p class=\"p1\">Avant de fonder Blue Circle Capital, Chiaretto Cal\u00f2 a occup\u00e9 plusieurs postes de direction dans l\u2019industrie des biens de grande consommation (FMCG), en s\u2019occupant notamment de l\u2019int\u00e9gration europ\u00e9enne et du d\u00e9ploiement de Schwarzkopf au sein du groupe HENKEL, lui permettant de doubler ses recettes dans le secteur de la beaut\u00e9.<\/p>\n<p class=\"p1\">Il a poursuivi dans le m\u00eame domaine en prenant en charge au sein d\u2019UNILEVER la relance de la marque historique Atkinsons, qui a plus tard \u00e9t\u00e9 c\u00e9d\u00e9e \u00e0 P&amp;G. Il a ensuite fond\u00e9 une start-up li\u00e9e aux technologies satellitaires, l\u2019une des premi\u00e8res en Europe, dans laquelle il s\u2019occupait du d\u00e9veloppement commercial et des activit\u00e9s du M&amp;A.<\/p>\n<p class=\"p1\">Il a particip\u00e9 au spin-off de la division Invista de DuPont, qui a \u00e9t\u00e9 c\u00e9d\u00e9e par la suite \u00e0 Koch Industries, o\u00f9 il \u00e9tait charg\u00e9 du d\u00e9veloppement global des activit\u00e9s. Il a ensuite \u00e9t\u00e9 directeur g\u00e9n\u00e9ral du groupe Miroglio Textile. <\/p>\n<p>[\/et_pb_text][et_pb_text admin_label=\u00a0\u00bbTitolo H1 introduzione sito\u00a0\u00bb _builder_version=\u00a0\u00bb4.18.1&Prime; text_font_size=\u00a0\u00bb18px\u00a0\u00bb custom_margin=\u00a0\u00bb29px||||false|false\u00a0\u00bb animation_style=\u00a0\u00bbfade\u00a0\u00bb animation_direction=\u00a0\u00bbtop\u00a0\u00bb animation_delay=\u00a0\u00bb400ms\u00a0\u00bb locked=\u00a0\u00bboff\u00a0\u00bb global_colors_info=\u00a0\u00bb{}\u00a0\u00bb]<\/p>\n<p class=\"p1\">Il a \u00e9t\u00e9 le fondateur et le co-directeur g\u00e9n\u00e9ral d\u2019Imprima, leader europ\u00e9en de l\u2019impression num\u00e9rique textile. Au sein de cette entreprise de 200 millions d\u2019euros de CA, soutenue par le Private Equity, il a contribu\u00e9 \u00e0 la mise en place de la strat\u00e9gie globale et \u00e0 l\u2019acquisition de sept soci\u00e9t\u00e9s cibles en Allemagne, en Italie et aux \u00c9tats-Unis.<\/p>\n<p>[\/et_pb_text][\/et_pb_column][et_pb_column type=\u00a0\u00bb1_2&Prime; _builder_version=\u00a0\u00bb4.18.1&Prime; _module_preset=\u00a0\u00bbdefault\u00a0\u00bb background_image=\u00a0\u00bbhttps:\/\/bluecirclecapital.ch\/wp-content\/uploads\/2022\/10\/Img-philosophy_bg.png\u00a0\u00bb custom_padding=\u00a0\u00bb60px|40px||60px|false|false\u00a0\u00bb sticky_position=\u00a0\u00bbtop\u00a0\u00bb sticky_offset_top=\u00a0\u00bb30px\u00a0\u00bb sticky_limit_bottom=\u00a0\u00bbrow\u00a0\u00bb sticky_position_tablet=\u00a0\u00bbnone\u00a0\u00bb sticky_position_phone=\u00a0\u00bbnone\u00a0\u00bb sticky_position_last_edited=\u00a0\u00bbon|tablet\u00a0\u00bb sticky_offset_top_tablet=\u00a0\u00bb0px\u00a0\u00bb sticky_offset_top_phone=\u00a0\u00bb0px\u00a0\u00bb sticky_offset_top_last_edited=\u00a0\u00bbon|tablet\u00a0\u00bb global_colors_info=\u00a0\u00bb{}\u00a0\u00bb][et_pb_image src=\u00a0\u00bbhttps:\/\/bluecirclecapital.ch\/wp-content\/uploads\/2022\/10\/calo\u0300-B.png\u00a0\u00bb title_text=\u00a0\u00bbcalo\u0300-B\u00a0\u00bb align=\u00a0\u00bbright\u00a0\u00bb _builder_version=\u00a0\u00bb4.18.1&Prime; _module_preset=\u00a0\u00bbdefault\u00a0\u00bb max_width=\u00a0\u00bb81%\u00a0\u00bb max_width_tablet=\u00a0\u00bb70%\u00a0\u00bb max_width_phone=\u00a0\u00bb100%\u00a0\u00bb max_width_last_edited=\u00a0\u00bbon|phone\u00a0\u00bb animation_style=\u00a0\u00bbslide\u00a0\u00bb animation_direction=\u00a0\u00bbright\u00a0\u00bb animation_intensity_slide=\u00a0\u00bb5%\u00a0\u00bb scroll_vertical_motion=\u00a0\u00bb0|50|50|100|2|0|-2&Prime; scroll_horizontal_motion=\u00a0\u00bb0|50|50|100|0.5|0|-0.5&Prime; global_colors_info=\u00a0\u00bb{}\u00a0\u00bb][\/et_pb_image][\/et_pb_column][\/et_pb_row][\/et_pb_section][et_pb_section fb_built=\u00a0\u00bb1&Prime; custom_padding_last_edited=\u00a0\u00bbon|tablet\u00a0\u00bb _builder_version=\u00a0\u00bb4.18.1&Prime; _module_preset=\u00a0\u00bbdefault\u00a0\u00bb background_image=\u00a0\u00bbhttps:\/\/bluecirclecapital.ch\/wp-content\/uploads\/2022\/10\/bg-blu-2.png\u00a0\u00bb background_size=\u00a0\u00bbcontain\u00a0\u00bb background_position=\u00a0\u00bbcenter_left\u00a0\u00bb custom_padding=\u00a0\u00bb26px|||||\u00a0\u00bb custom_padding_tablet=\u00a0\u00bb0px||0px||false|false\u00a0\u00bb custom_padding_phone=\u00a0\u00bb0px||0px||false|false\u00a0\u00bb background_last_edited=\u00a0\u00bbon|tablet\u00a0\u00bb background_position_tablet=\u00a0\u00bbbottom_right\u00a0\u00bb global_colors_info=\u00a0\u00bb{}\u00a0\u00bb][et_pb_row column_structure=\u00a0\u00bb2_5,3_5&Prime; custom_padding_last_edited=\u00a0\u00bbon|phone\u00a0\u00bb _builder_version=\u00a0\u00bb4.18.1&Prime; _module_preset=\u00a0\u00bbdefault\u00a0\u00bb custom_padding_tablet=\u00a0\u00bb\u00a0\u00bb custom_padding_phone=\u00a0\u00bb0px||||false|false\u00a0\u00bb global_colors_info=\u00a0\u00bb{}\u00a0\u00bb][et_pb_column type=\u00a0\u00bb2_5&Prime; _builder_version=\u00a0\u00bb4.18.1&Prime; _module_preset=\u00a0\u00bbdefault\u00a0\u00bb global_colors_info=\u00a0\u00bb{}\u00a0\u00bb][\/et_pb_column][et_pb_column type=\u00a0\u00bb3_5&Prime; _builder_version=\u00a0\u00bb4.18.1&Prime; _module_preset=\u00a0\u00bbdefault\u00a0\u00bb custom_padding=\u00a0\u00bb|4%|||false|false\u00a0\u00bb custom_padding_tablet=\u00a0\u00bb|4%|80px||false|false\u00a0\u00bb custom_padding_phone=\u00a0\u00bb|0%|0px|0px|false|false\u00a0\u00bb custom_padding_last_edited=\u00a0\u00bbon|tablet\u00a0\u00bb global_colors_info=\u00a0\u00bb{}\u00a0\u00bb][et_pb_text admin_label=\u00a0\u00bbTitolo H1 introduzione sito\u00a0\u00bb _builder_version=\u00a0\u00bb4.19.0&Prime; text_font_size=\u00a0\u00bb18px\u00a0\u00bb custom_margin=\u00a0\u00bb2px||||false|false\u00a0\u00bb animation_style=\u00a0\u00bbfade\u00a0\u00bb animation_direction=\u00a0\u00bbtop\u00a0\u00bb animation_delay=\u00a0\u00bb600ms\u00a0\u00bb locked=\u00a0\u00bboff\u00a0\u00bb global_colors_info=\u00a0\u00bb{}\u00a0\u00bb]<\/p>\n<p class=\"p1\">En tant qu\u2019associ\u00e9 de Blue Circle Capital, il a travaill\u00e9 sur de nombreux projets\u00a0&#8211; de l\u2019informatique au commerce \u00e9lectronique, de l\u2019automobile \u00e0 l\u2019alimentaire\u00a0&#8211; en fournissant des conseils de financement via des instruments d\u2019equity et de dette impliquant des leaders europ\u00e9ens du Private Equity et Private Debt.<\/p>\n<p class=\"p1\">Italien d\u2019origine, il parle couramment anglais et ma\u00eetrise le fran\u00e7ais, l\u2019allemand et le portugais.<\/p>\n<p class=\"p1\">Apr\u00e8s des \u00e9tudes de philosophie th\u00e9orique \u00e0 l\u2019universit\u00e9 de Rome, il a obtenu un master en marketing d\u00e9livr\u00e9 par Publitalia et un Executive MBA au Politecnico de Milan.<\/p>\n<p>[\/et_pb_text][et_pb_button button_url=\u00a0\u00bbhttps:\/\/bluecirclecapital.ch\/fr\/team\/paolo-gramaglia\/\u00a0\u00bb button_text=\u00a0\u00bbRencontrer Paolo Gramaglia\u00a0\u00bb button_alignment=\u00a0\u00bbright\u00a0\u00bb button_alignment_tablet=\u00a0\u00bbright\u00a0\u00bb button_alignment_phone=\u00a0\u00bbcenter\u00a0\u00bb button_alignment_last_edited=\u00a0\u00bbon|phone\u00a0\u00bb _builder_version=\u00a0\u00bb4.19.3&Prime; _module_preset=\u00a0\u00bbdefault\u00a0\u00bb custom_margin=\u00a0\u00bb60px||||false|false\u00a0\u00bb global_colors_info=\u00a0\u00bb{}\u00a0\u00bb][\/et_pb_button][\/et_pb_column][\/et_pb_row][\/et_pb_section]<\/p>\n","protected":false},"excerpt":{"rendered":"<p>Chiaretto Cal\u00f2 Associ\u00e9 fondateur Avant de fonder Blue Circle Capital, Chiaretto Cal\u00f2 a occup\u00e9 plusieurs postes de direction dans l\u2019industrie des biens de grande consommation (FMCG), en s\u2019occupant notamment de l\u2019int\u00e9gration europ\u00e9enne et du d\u00e9ploiement de Schwarzkopf au sein du groupe HENKEL, lui permettant de doubler ses recettes dans le secteur de la beaut\u00e9. Il [&hellip;]<\/p>\n","protected":false},"author":6,"featured_media":0,"parent":1471,"menu_order":0,"comment_status":"closed","ping_status":"closed","template":"","meta":{"_et_pb_use_builder":"on","_et_pb_old_content":"","_et_gb_content_width":"","inline_featured_image":false,"footnotes":""},"class_list":["post-1474","page","type-page","status-publish","hentry"],"yoast_head":"<!-- This site is optimized with the Yoast SEO plugin v28.4 - https:\/\/yoast.com\/product\/yoast-seo-wordpress\/ -->\n<title>Chiaretto Cal\u00f2 - Blue Circle Capital<\/title>\n<meta name=\"description\" content=\"Avant de fonder Blue Circle Capital, Chiaretto Cal\u00f2 a occup\u00e9 plusieurs postes de direction dans l\u2019industrie des biens de grande consommation (FMCG), en s\u2019occupant notamment de l\u2019int\u00e9gration europ\u00e9enne et du d\u00e9ploiement de Schwarzkopf au sein du groupe HENKEL, lui permettant de doubler ses recettes dans le secteur de la beaut\u00e9\" \/>\n<meta name=\"robots\" content=\"index, follow, max-snippet:-1, max-image-preview:large, max-video-preview:-1\" \/>\n<link rel=\"canonical\" href=\"https:\/\/bluecirclecapital.ch\/fr\/lequipe\/chiaretto-calo\/\" \/>\n<meta property=\"og:locale\" content=\"fr_FR\" \/>\n<meta property=\"og:type\" content=\"article\" \/>\n<meta property=\"og:title\" content=\"Chiaretto Cal\u00f2 - Blue Circle Capital\" \/>\n<meta property=\"og:description\" content=\"Avant de fonder Blue Circle Capital, Chiaretto Cal\u00f2 a occup\u00e9 plusieurs postes de direction dans l\u2019industrie des biens de grande consommation (FMCG), en s\u2019occupant notamment de l\u2019int\u00e9gration europ\u00e9enne et du d\u00e9ploiement de Schwarzkopf au sein du groupe HENKEL, lui permettant de doubler ses recettes dans le secteur de la beaut\u00e9\" \/>\n<meta property=\"og:url\" content=\"https:\/\/bluecirclecapital.ch\/fr\/lequipe\/chiaretto-calo\/\" \/>\n<meta property=\"og:site_name\" content=\"Blue Circle Capital\" \/>\n<meta property=\"article:modified_time\" content=\"2023-01-10T09:48:20+00:00\" \/>\n<meta name=\"twitter:card\" content=\"summary_large_image\" \/>\n<meta name=\"twitter:label1\" content=\"Dur\u00e9e de lecture estim\u00e9e\" \/>\n\t<meta name=\"twitter:data1\" content=\"6 minutes\" \/>\n<script type=\"application\/ld+json\" class=\"yoast-schema-graph\">{\"@context\":\"https:\\\/\\\/schema.org\",\"@graph\":[{\"@type\":\"WebPage\",\"@id\":\"https:\\\/\\\/bluecirclecapital.ch\\\/fr\\\/lequipe\\\/chiaretto-calo\\\/\",\"url\":\"https:\\\/\\\/bluecirclecapital.ch\\\/fr\\\/lequipe\\\/chiaretto-calo\\\/\",\"name\":\"Chiaretto Cal\u00f2 - Blue Circle Capital\",\"isPartOf\":{\"@id\":\"https:\\\/\\\/bluecirclecapital.ch\\\/fr\\\/#website\"},\"datePublished\":\"2022-10-26T12:03:44+00:00\",\"dateModified\":\"2023-01-10T09:48:20+00:00\",\"description\":\"Avant de fonder Blue Circle Capital, Chiaretto Cal\u00f2 a occup\u00e9 plusieurs postes de direction dans l\u2019industrie des biens de grande consommation (FMCG), en s\u2019occupant notamment de l\u2019int\u00e9gration europ\u00e9enne et du d\u00e9ploiement de Schwarzkopf au sein du groupe HENKEL, lui permettant de doubler ses recettes dans le secteur de la beaut\u00e9\",\"breadcrumb\":{\"@id\":\"https:\\\/\\\/bluecirclecapital.ch\\\/fr\\\/lequipe\\\/chiaretto-calo\\\/#breadcrumb\"},\"inLanguage\":\"fr-FR\",\"potentialAction\":[{\"@type\":\"ReadAction\",\"target\":[\"https:\\\/\\\/bluecirclecapital.ch\\\/fr\\\/lequipe\\\/chiaretto-calo\\\/\"]}]},{\"@type\":\"BreadcrumbList\",\"@id\":\"https:\\\/\\\/bluecirclecapital.ch\\\/fr\\\/lequipe\\\/chiaretto-calo\\\/#breadcrumb\",\"itemListElement\":[{\"@type\":\"ListItem\",\"position\":1,\"name\":\"Home\",\"item\":\"https:\\\/\\\/bluecirclecapital.ch\\\/fr\\\/\"},{\"@type\":\"ListItem\",\"position\":2,\"name\":\"L\u2019\u00e9quipe\",\"item\":\"https:\\\/\\\/bluecirclecapital.ch\\\/fr\\\/lequipe\\\/\"},{\"@type\":\"ListItem\",\"position\":3,\"name\":\"Chiaretto Cal\u00f2\"}]},{\"@type\":\"WebSite\",\"@id\":\"https:\\\/\\\/bluecirclecapital.ch\\\/fr\\\/#website\",\"url\":\"https:\\\/\\\/bluecirclecapital.ch\\\/fr\\\/\",\"name\":\"Blue Circle Capital\",\"description\":\"M&amp;A Zurich\",\"publisher\":{\"@id\":\"https:\\\/\\\/bluecirclecapital.ch\\\/fr\\\/#organization\"},\"potentialAction\":[{\"@type\":\"SearchAction\",\"target\":{\"@type\":\"EntryPoint\",\"urlTemplate\":\"https:\\\/\\\/bluecirclecapital.ch\\\/fr\\\/?s={search_term_string}\"},\"query-input\":{\"@type\":\"PropertyValueSpecification\",\"valueRequired\":true,\"valueName\":\"search_term_string\"}}],\"inLanguage\":\"fr-FR\"},{\"@type\":\"Organization\",\"@id\":\"https:\\\/\\\/bluecirclecapital.ch\\\/fr\\\/#organization\",\"name\":\"Blue Circle Capital\",\"url\":\"https:\\\/\\\/bluecirclecapital.ch\\\/fr\\\/\",\"logo\":{\"@type\":\"ImageObject\",\"inLanguage\":\"fr-FR\",\"@id\":\"https:\\\/\\\/bluecirclecapital.ch\\\/fr\\\/#\\\/schema\\\/logo\\\/image\\\/\",\"url\":\"https:\\\/\\\/bluecirclecapital.ch\\\/wp-content\\\/uploads\\\/2022\\\/10\\\/BlueCircle-logo-orizzontale-colore.svg\",\"contentUrl\":\"https:\\\/\\\/bluecirclecapital.ch\\\/wp-content\\\/uploads\\\/2022\\\/10\\\/BlueCircle-logo-orizzontale-colore.svg\",\"width\":\"1024\",\"height\":\"1024\",\"caption\":\"Blue Circle Capital\"},\"image\":{\"@id\":\"https:\\\/\\\/bluecirclecapital.ch\\\/fr\\\/#\\\/schema\\\/logo\\\/image\\\/\"}}]}<\/script>\n<!-- \/ Yoast SEO plugin. -->","yoast_head_json":{"title":"Chiaretto Cal\u00f2 - Blue Circle Capital","description":"Avant de fonder Blue Circle Capital, Chiaretto Cal\u00f2 a occup\u00e9 plusieurs postes de direction dans l\u2019industrie des biens de grande consommation (FMCG), en s\u2019occupant notamment de l\u2019int\u00e9gration europ\u00e9enne et du d\u00e9ploiement de Schwarzkopf au sein du groupe HENKEL, lui permettant de doubler ses recettes dans le secteur de la beaut\u00e9","robots":{"index":"index","follow":"follow","max-snippet":"max-snippet:-1","max-image-preview":"max-image-preview:large","max-video-preview":"max-video-preview:-1"},"canonical":"https:\/\/bluecirclecapital.ch\/fr\/lequipe\/chiaretto-calo\/","og_locale":"fr_FR","og_type":"article","og_title":"Chiaretto Cal\u00f2 - Blue Circle Capital","og_description":"Avant de fonder Blue Circle Capital, Chiaretto Cal\u00f2 a occup\u00e9 plusieurs postes de direction dans l\u2019industrie des biens de grande consommation (FMCG), en s\u2019occupant notamment de l\u2019int\u00e9gration europ\u00e9enne et du d\u00e9ploiement de Schwarzkopf au sein du groupe HENKEL, lui permettant de doubler ses recettes dans le secteur de la beaut\u00e9","og_url":"https:\/\/bluecirclecapital.ch\/fr\/lequipe\/chiaretto-calo\/","og_site_name":"Blue Circle Capital","article_modified_time":"2023-01-10T09:48:20+00:00","twitter_card":"summary_large_image","twitter_misc":{"Dur\u00e9e de lecture estim\u00e9e":"6 minutes"},"schema":{"@context":"https:\/\/schema.org","@graph":[{"@type":"WebPage","@id":"https:\/\/bluecirclecapital.ch\/fr\/lequipe\/chiaretto-calo\/","url":"https:\/\/bluecirclecapital.ch\/fr\/lequipe\/chiaretto-calo\/","name":"Chiaretto Cal\u00f2 - Blue Circle Capital","isPartOf":{"@id":"https:\/\/bluecirclecapital.ch\/fr\/#website"},"datePublished":"2022-10-26T12:03:44+00:00","dateModified":"2023-01-10T09:48:20+00:00","description":"Avant de fonder Blue Circle Capital, Chiaretto Cal\u00f2 a occup\u00e9 plusieurs postes de direction dans l\u2019industrie des biens de grande consommation (FMCG), en s\u2019occupant notamment de l\u2019int\u00e9gration europ\u00e9enne et du d\u00e9ploiement de Schwarzkopf au sein du groupe HENKEL, lui permettant de doubler ses recettes dans le secteur de la beaut\u00e9","breadcrumb":{"@id":"https:\/\/bluecirclecapital.ch\/fr\/lequipe\/chiaretto-calo\/#breadcrumb"},"inLanguage":"fr-FR","potentialAction":[{"@type":"ReadAction","target":["https:\/\/bluecirclecapital.ch\/fr\/lequipe\/chiaretto-calo\/"]}]},{"@type":"BreadcrumbList","@id":"https:\/\/bluecirclecapital.ch\/fr\/lequipe\/chiaretto-calo\/#breadcrumb","itemListElement":[{"@type":"ListItem","position":1,"name":"Home","item":"https:\/\/bluecirclecapital.ch\/fr\/"},{"@type":"ListItem","position":2,"name":"L\u2019\u00e9quipe","item":"https:\/\/bluecirclecapital.ch\/fr\/lequipe\/"},{"@type":"ListItem","position":3,"name":"Chiaretto Cal\u00f2"}]},{"@type":"WebSite","@id":"https:\/\/bluecirclecapital.ch\/fr\/#website","url":"https:\/\/bluecirclecapital.ch\/fr\/","name":"Blue Circle Capital","description":"M&amp;A Zurich","publisher":{"@id":"https:\/\/bluecirclecapital.ch\/fr\/#organization"},"potentialAction":[{"@type":"SearchAction","target":{"@type":"EntryPoint","urlTemplate":"https:\/\/bluecirclecapital.ch\/fr\/?s={search_term_string}"},"query-input":{"@type":"PropertyValueSpecification","valueRequired":true,"valueName":"search_term_string"}}],"inLanguage":"fr-FR"},{"@type":"Organization","@id":"https:\/\/bluecirclecapital.ch\/fr\/#organization","name":"Blue Circle Capital","url":"https:\/\/bluecirclecapital.ch\/fr\/","logo":{"@type":"ImageObject","inLanguage":"fr-FR","@id":"https:\/\/bluecirclecapital.ch\/fr\/#\/schema\/logo\/image\/","url":"https:\/\/bluecirclecapital.ch\/wp-content\/uploads\/2022\/10\/BlueCircle-logo-orizzontale-colore.svg","contentUrl":"https:\/\/bluecirclecapital.ch\/wp-content\/uploads\/2022\/10\/BlueCircle-logo-orizzontale-colore.svg","width":"1024","height":"1024","caption":"Blue Circle Capital"},"image":{"@id":"https:\/\/bluecirclecapital.ch\/fr\/#\/schema\/logo\/image\/"}}]}},"_links":{"self":[{"href":"https:\/\/bluecirclecapital.ch\/fr\/wp-json\/wp\/v2\/pages\/1474","targetHints":{"allow":["GET"]}}],"collection":[{"href":"https:\/\/bluecirclecapital.ch\/fr\/wp-json\/wp\/v2\/pages"}],"about":[{"href":"https:\/\/bluecirclecapital.ch\/fr\/wp-json\/wp\/v2\/types\/page"}],"author":[{"embeddable":true,"href":"https:\/\/bluecirclecapital.ch\/fr\/wp-json\/wp\/v2\/users\/6"}],"replies":[{"embeddable":true,"href":"https:\/\/bluecirclecapital.ch\/fr\/wp-json\/wp\/v2\/comments?post=1474"}],"version-history":[{"count":4,"href":"https:\/\/bluecirclecapital.ch\/fr\/wp-json\/wp\/v2\/pages\/1474\/revisions"}],"predecessor-version":[{"id":1585,"href":"https:\/\/bluecirclecapital.ch\/fr\/wp-json\/wp\/v2\/pages\/1474\/revisions\/1585"}],"up":[{"embeddable":true,"href":"https:\/\/bluecirclecapital.ch\/fr\/wp-json\/wp\/v2\/pages\/1471"}],"wp:attachment":[{"href":"https:\/\/bluecirclecapital.ch\/fr\/wp-json\/wp\/v2\/media?parent=1474"}],"curies":[{"name":"wp","href":"https:\/\/api.w.org\/{rel}","templated":true}]}}